{"id":125,"date":"2022-04-18T20:32:23","date_gmt":"2022-04-18T20:32:23","guid":{"rendered":"https:\/\/gigliaacquavivaartgallery.com\/?page_id=125"},"modified":"2022-07-24T18:24:23","modified_gmt":"2022-07-24T16:24:23","slug":"tecnica-y-biografia","status":"publish","type":"page","link":"https:\/\/gigliaacquavivaartgallery.com\/de\/tecnica-y-biografia\/","title":{"rendered":"Biograf\u00eda y T\u00e9cnicas"},"content":{"rendered":"<p>[et_pb_section fb_built=&#8221;1&#8243; _builder_version=&#8221;4.17.1&#8243; _module_preset=&#8221;default&#8221; hover_enabled=&#8221;0&#8243; global_colors_info=&#8221;{}&#8221; sticky_enabled=&#8221;0&#8243;][et_pb_row column_structure=&#8221;1_2,1_2&#8243; make_equal=&#8221;on&#8221; module_class=&#8221;reverse&#8221; _builder_version=&#8221;4.17.1&#8243; _module_preset=&#8221;default&#8221; custom_css_main_element=&#8221;align-items: center;&#8221; global_colors_info=&#8221;{}&#8221;][et_pb_column type=&#8221;1_2&#8243; _builder_version=&#8221;4.17.1&#8243; _module_preset=&#8221;default&#8221; global_colors_info=&#8221;{}&#8221;][et_pb_image src=&#8221;https:\/\/gigliaacquavivaartgallery.com\/wp-content\/uploads\/2022\/04\/img2.jpg&#8221; title_text=&#8221;img2&#8243; _builder_version=&#8221;4.17.1&#8243; _module_preset=&#8221;default&#8221; animation_style=&#8221;slide&#8221; animation_direction=&#8221;left&#8221; global_colors_info=&#8221;{}&#8221;][\/et_pb_image][\/et_pb_column][et_pb_column type=&#8221;1_2&#8243; _builder_version=&#8221;4.17.1&#8243; _module_preset=&#8221;default&#8221; global_colors_info=&#8221;{}&#8221;][et_pb_text _builder_version=&#8221;4.17.6&#8243; _module_preset=&#8221;default&#8221; text_font=&#8221;Renner Light||||||||&#8221; text_line_height=&#8221;2em&#8221; header_text_align=&#8221;center&#8221; header_font_size=&#8221;4rem&#8221; header_3_font=&#8221;Renner|||on|||||&#8221; header_3_text_align=&#8221;center&#8221; header_3_text_color=&#8221;#908885&#8243; header_3_font_size=&#8221;15px&#8221; header_3_letter_spacing=&#8221;3px&#8221; text_orientation=&#8221;justified&#8221; animation_style=&#8221;slide&#8221; hover_enabled=&#8221;0&#8243; header_font_size_tablet=&#8221;3rem&#8221; header_font_size_phone=&#8221;2rem&#8221; header_font_size_last_edited=&#8221;on|phone&#8221; global_colors_info=&#8221;{}&#8221; sticky_enabled=&#8221;0&#8243;]<\/p>\n<h3>Biografia<\/h3>\n<h1>Giglia Acquaviva<\/h1>\n<p><span>Giglia naci\u00f3 poco antes de la primavera de 1961 en una familia donde no faltaba el arte: la m\u00fasica, la pintura y el teatro. Ello suced\u00eda en Mendoza, Argentina.<br \/>Las mejores horas de juego transcurrieron sobre las teclas de un piano desde que tenia 5 a\u00f1os de edad, y aunque ella no sab\u00eda decirlo, \u00a0ya imaginaba poder imitar a los grandes jazzistas de la \u00e9poca. En ese entonces su familia \u00a0resid\u00eda en California, EEUU, donde creci\u00f3 cerca de las maravillosas monta\u00f1as del Yosemite Park. Naturaleza que se\u00f1ar\u00eda fuertemente la emoci\u00f3n por lo bello y despertar\u00eda la necesidad de un lenguaje con que expresarlo.<\/span><\/p>\n<p><span>A los diez anos, en Argentina, Giglia inici\u00f3 seriamente estudios de Piano y Composic\u00f3n que finalizar\u00eda a los 22 a\u00f1os en el Conservatorio Nacional de M\u00fasica. Si bien la m\u00fasica ser\u00eda suficiente herramienta para una larga vida art\u00edstica, ella necesitaba todav\u00eda conquistar un medio que la atra\u00eda con apasionante energ\u00eda: el Color. Como quien se permite un simple relax, ella abri\u00f3 un par\u00e9ntesis en su vida d\u00e1ndose a la creaci\u00f3n de una t\u00e9cnica que resultar\u00eda ser el inicio de su carrera como pintora. Se trataba de<span style=\"color: #26bec9;\"> <a href=\"#periodo-tapices\" style=\"color: #26bec9;\"><strong>TAPICES DE CUERO<\/strong><\/a><\/span>, formas encastradas de la m\u00e1s preciosa textura y coloratura.<\/span><\/p>\n<p><span>La curiosidad por las Obras de Grandes Maestros de la pintura (Picasso, Gauguin, Magritte, Klimt, Cezanne) y \u00a0por las culturas de todos los tiempos se trasform\u00f3 en una serie extensa de reproducciones.<\/span><\/p>\n<p><span>Quince a\u00f1os de constante pr\u00e1ctica y observaci\u00f3n le dieron el impulso que necesitaba para crear sus propios dibujos.<\/span><\/p>\n<p><span>Se advierte desde entonces \u00a0naci\u00f3 el trazo decidido de influencias cubista y expresionista. En 2001 <\/span><span>\u00a0recibi\u00f3 un elogioso Primer Premio de manos de Hermenegildo Sabat &#8211; gran artista argentino a quien ella tanto admirara &#8211; con su obra <em>Homenaje a Adi\u00f3s Nonino <\/em>\u00a0(Tapiz de cuero sobre fondo pintado con acr\u00edlico)<\/span><\/p>\n<p><span>La necesidad de expresar mas velozmente sus ideas \u00a0la llev\u00f3 a explorar nuevas t\u00e9cnicas.<\/span><\/p>\n<p><span>Era el a\u00f1o 2002 cuando inici\u00f3 un per\u00edodo muy f\u00e9rtil de <span style=\"color: #25a7db;\"><a href=\"#periodo-sedas\" style=\"color: #25a7db;\"><strong>PINTURA SOBRE SEDA<\/strong><\/a><\/span>. T\u00e9cnica que requiere gran velocidad de dibujo y pincel, justamente el ritmo opuesto que ella \u00a0hab\u00eda aplicado en la construcci\u00f3n de tapices. Fue su hermana Gisela Aquaviva, experta pintora, quien la iniciara.<\/span><\/p>\n<p><span>En 2006, ya residiendo en Italia, reuni\u00f2 las dos t\u00e9cnicas practicadas en una nueva creaci\u00f3n:<span style=\"color: #2ab5e0;\"> <a href=\"#periodo-actual-relieve\" style=\"color: #2ab5e0;\"><strong>PINTURAS EN RELIEVE<\/strong><\/a><\/span><\/span><\/p>\n<p><span>El Relieve se convirti\u00f3 definitivamente en el recurso expresivo por excelencia, \u00a0jerarquizando el trazo a la par del color. Ninguna l\u00ednea quedar\u00eda oculta: El dibujo dejar\u00eda de ser el constructor invisible de la obra para tomar el primer plano de expresi\u00f3n.<\/span><\/p>\n<p>Y cada palmo de color se desplegaria en sus propios matices de claro-oscuro, tal como la belleza del cuero lo hab\u00eda ense\u00f1ado.<\/p>\n<p><span>La formaci\u00f3n autodidacta, siempre observadora de los grandes maestros, le abri\u00f2 a Giglia la curiosidad por las expresiones art\u00edsticas de todas las culturas. Hoy se pueden advertir en sus obras las influencias del arte griego, etrusco, <\/span><span style=\"font-size: 16px;\">azteca, inca, romano, oriental, todo ello reunido en un estilo que la caracteriza plenamente.<\/span><\/p>\n<p><span style=\"font-size: 16px;\">Las <\/span><span style=\"font-size: 16px;\">obras han sido requeridas por coleccionistas de todo el mundo, siendo especialmente notables en Italia, Alemania, Suiza, Holanda, Espa\u00f1a, Inglaterra, Francia, B\u00e9lgica, Estados Unidos, Canad\u00e1, China, Jap\u00f3n y Argentina.<\/span><\/p>\n<p>[\/et_pb_text][\/et_pb_column][\/et_pb_row][et_pb_row _builder_version=&#8221;4.17.4&#8243; _module_preset=&#8221;default&#8221; global_colors_info=&#8221;{}&#8221;][et_pb_column type=&#8221;4_4&#8243; _builder_version=&#8221;4.17.4&#8243; _module_preset=&#8221;default&#8221; global_colors_info=&#8221;{}&#8221;][et_pb_text _builder_version=&#8221;4.17.4&#8243; _module_preset=&#8221;default&#8221; text_text_color=&#8221;#908885&#8243; custom_padding=&#8221;||2px|||&#8221; global_colors_info=&#8221;{}&#8221;]<\/p>\n<h2 style=\"text-align: center;\">TECNICAS<\/h2>\n<p>[\/et_pb_text][\/et_pb_column][\/et_pb_row][et_pb_row _builder_version=&#8221;4.17.4&#8243; _module_preset=&#8221;default&#8221; global_colors_info=&#8221;{}&#8221;][et_pb_column type=&#8221;4_4&#8243; _builder_version=&#8221;4.17.4&#8243; _module_preset=&#8221;default&#8221; global_colors_info=&#8221;{}&#8221;][et_pb_text _builder_version=&#8221;4.17.6&#8243; _module_preset=&#8221;default&#8221; text_text_color=&#8221;#908885&#8243; global_colors_info=&#8221;{}&#8221;]<\/p>\n<p style=\"text-align: center;\">TAPICES en CUERO ( 1986 &#8211; 2001)<\/p>\n<p>[\/et_pb_text][\/et_pb_column][\/et_pb_row][et_pb_row column_structure=&#8221;1_5,1_5,1_5,1_5,1_5&#8243; module_id=&#8221;periodo-tapices&#8221; _builder_version=&#8221;4.17.5&#8243; _module_preset=&#8221;default&#8221; background_color=&#8221;#908885&#8243; global_colors_info=&#8221;{}&#8221;][et_pb_column type=&#8221;1_5&#8243; _builder_version=&#8221;4.17.4&#8243; _module_preset=&#8221;default&#8221; global_colors_info=&#8221;{}&#8221;][et_pb_image src=&#8221;https:\/\/gigliaacquavivaartgallery.com\/wp-content\/uploads\/2022\/07\/tre-musicisti-3Picasso-scaled.jpg&#8221; title_text=&#8221;Tres Musicos &#8211; Pablo picasso &#8211; Recreaci\u00f3n en cuero y arena&#8221; _builder_version=&#8221;4.17.4&#8243; _module_preset=&#8221;default&#8221; custom_margin=&#8221;51px|0px||0px|false|false&#8221; global_colors_info=&#8221;{}&#8221;][\/et_pb_image][et_pb_text _builder_version=&#8221;4.17.6&#8243; _module_preset=&#8221;default&#8221; text_font=&#8221;|||||on|||&#8221; global_colors_info=&#8221;{}&#8221;]<\/p>\n<p style=\"text-align: center;\">Recreaci\u00f3n <em>Tres M\u00fasicos <\/em>de <em>Pablo Picasso<\/em><\/p>\n<p style=\"text-align: center;\">tapices de cuero<\/p>\n<p style=\"text-align: center;\"><em><\/em><\/p>\n<p>[\/et_pb_text][\/et_pb_column][et_pb_column type=&#8221;1_5&#8243; _builder_version=&#8221;4.17.4&#8243; _module_preset=&#8221;default&#8221; global_colors_info=&#8221;{}&#8221;][et_pb_image src=&#8221;https:\/\/gigliaacquavivaartgallery.com\/wp-content\/uploads\/2022\/07\/elefantito-1-scaled.jpg&#8221; title_text=&#8221;elefantito&#8221; _builder_version=&#8221;4.17.4&#8243; _module_preset=&#8221;default&#8221; custom_margin=&#8221;51px||||false|false&#8221; global_colors_info=&#8221;{}&#8221;][\/et_pb_image][et_pb_text _builder_version=&#8221;4.17.6&#8243; _module_preset=&#8221;default&#8221; text_font=&#8221;|||||on|||&#8221; header_font=&#8221;||||||||&#8221; global_colors_info=&#8221;{}&#8221;]<\/p>\n<p style=\"text-align: center;\">Elefante Hind\u00fa<\/p>\n<p style=\"text-align: center;\">Tapices de cuero<\/p>\n<p style=\"text-align: center;\">[\/et_pb_text][\/et_pb_column][et_pb_column type=&#8221;1_5&#8243; _builder_version=&#8221;4.17.4&#8243; _module_preset=&#8221;default&#8221; global_colors_info=&#8221;{}&#8221;][et_pb_image src=&#8221;https:\/\/gigliaacquavivaartgallery.com\/wp-content\/uploads\/2022\/07\/img017.jpg&#8221; title_text=&#8221;img017&#8243; _builder_version=&#8221;4.17.4&#8243; _module_preset=&#8221;default&#8221; custom_margin=&#8221;51px||||false|false&#8221; global_colors_info=&#8221;{}&#8221;][\/et_pb_image][et_pb_text _builder_version=&#8221;4.17.6&#8243; _module_preset=&#8221;default&#8221; text_font=&#8221;|||||on|||&#8221; global_colors_info=&#8221;{}&#8221;]<\/p>\n<p style=\"text-align: center;\">Recreaci\u00f3n de<em>La Relatividad<\/em>, de <em>M.Escher<\/em><\/p>\n<p style=\"text-align: center;\">Tapices de cuero<\/p>\n<p>[\/et_pb_text][\/et_pb_column][et_pb_column type=&#8221;1_5&#8243; _builder_version=&#8221;4.17.4&#8243; _module_preset=&#8221;default&#8221; global_colors_info=&#8221;{}&#8221;][et_pb_image src=&#8221;https:\/\/gigliaacquavivaartgallery.com\/wp-content\/uploads\/2022\/07\/tresmujeres.picasso-scaled.jpg&#8221; title_text=&#8221;tresmujeres.picasso&#8221; _builder_version=&#8221;4.17.4&#8243; _module_preset=&#8221;default&#8221; custom_margin=&#8221;51px||||false|false&#8221; global_colors_info=&#8221;{}&#8221;][\/et_pb_image][et_pb_text _builder_version=&#8221;4.17.6&#8243; _module_preset=&#8221;default&#8221; text_font=&#8221;|||||on|||&#8221; min_height=&#8221;66px&#8221; global_colors_info=&#8221;{}&#8221;]<\/p>\n<p style=\"text-align: center;\">\u00a0Recreaci\u00f3n de<em> Tres mujeres en la Fuente<\/em>, de <em>Pablo Picasso<\/em><\/p>\n<p style=\"text-align: center;\">Tapices de cuero<\/p>\n<p style=\"text-align: center;\"><em><\/em><\/p>\n<p>[\/et_pb_text][\/et_pb_column][et_pb_column type=&#8221;1_5&#8243; _builder_version=&#8221;4.17.5&#8243; _module_preset=&#8221;default&#8221; global_colors_info=&#8221;{}&#8221;][et_pb_image src=&#8221;https:\/\/gigliaacquavivaartgallery.com\/wp-content\/uploads\/2022\/07\/adios-nonino-1-1-scaled.jpeg&#8221; title_text=&#8221;adios nonino 1&#8243; _builder_version=&#8221;4.17.5&#8243; _module_preset=&#8221;default&#8221; min_height=&#8221;124.7px&#8221; custom_margin=&#8221;22px|||||&#8221; custom_padding=&#8221;40px|||||&#8221; global_colors_info=&#8221;{}&#8221;][\/et_pb_image][et_pb_text _builder_version=&#8221;4.17.6&#8243; _module_preset=&#8221;default&#8221; text_font=&#8221;|||||on|||&#8221; min_height=&#8221;182.3px&#8221; custom_margin=&#8221;33px|||||&#8221; custom_padding=&#8221;||47px|||&#8221; global_colors_info=&#8221;{}&#8221;]<\/p>\n<p style=\"text-align: center;\">Adios Nonino<\/p>\n<p style=\"text-align: center;\">Premio Hermenegildo Sabat<\/p>\n<p style=\"text-align: center;\">Tapices de cuero<\/p>\n<p>[\/et_pb_text][\/et_pb_column][\/et_pb_row][et_pb_row _builder_version=&#8221;4.17.4&#8243; _module_preset=&#8221;default&#8221; global_colors_info=&#8221;{}&#8221;][et_pb_column type=&#8221;4_4&#8243; _builder_version=&#8221;4.17.4&#8243; _module_preset=&#8221;default&#8221; global_colors_info=&#8221;{}&#8221;][et_pb_text _builder_version=&#8221;4.17.6&#8243; _module_preset=&#8221;default&#8221; text_text_color=&#8221;#908885&#8243; global_colors_info=&#8221;{}&#8221;]<\/p>\n<p style=\"text-align: center;\">\u00a0PINTURAS SOBRE SEDA (2001 &#8211; 2006)<\/p>\n<p>[\/et_pb_text][\/et_pb_column][\/et_pb_row][et_pb_row column_structure=&#8221;1_3,1_3,1_3&#8243; module_id=&#8221;periodo-sedas&#8221; _builder_version=&#8221;4.17.4&#8243; _module_preset=&#8221;default&#8221; background_color=&#8221;#B3B3B3&#8243; custom_padding=&#8221;27px|||||&#8221; global_colors_info=&#8221;{}&#8221;][et_pb_column type=&#8221;1_3&#8243; _builder_version=&#8221;4.17.4&#8243; _module_preset=&#8221;default&#8221; background_color=&#8221;RGBA(255,255,255,0)&#8221; global_colors_info=&#8221;{}&#8221;][et_pb_image src=&#8221;https:\/\/gigliaacquavivaartgallery.com\/wp-content\/uploads\/2022\/07\/donne-destate-rec.jpg&#8221; title_text=&#8221;donne d&#8217;estate rec&#8221; _builder_version=&#8221;4.17.4&#8243; _module_preset=&#8221;default&#8221; global_colors_info=&#8221;{}&#8221;][\/et_pb_image][et_pb_text _builder_version=&#8221;4.17.6&#8243; _module_preset=&#8221;default&#8221; text_font=&#8221;|||||on|||&#8221; global_colors_info=&#8221;{}&#8221;]<\/p>\n<p style=\"text-align: center;\">\u00a0<em>Dos Mujeres<\/em><\/p>\n<p style=\"text-align: center;\">Pintura sobre seda<\/p>\n<p>[\/et_pb_text][\/et_pb_column][et_pb_column type=&#8221;1_3&#8243; _builder_version=&#8221;4.17.4&#8243; _module_preset=&#8221;default&#8221; background_color=&#8221;RGBA(255,255,255,0)&#8221; global_colors_info=&#8221;{}&#8221;][et_pb_image src=&#8221;https:\/\/gigliaacquavivaartgallery.com\/wp-content\/uploads\/2022\/07\/seta.jpg&#8221; title_text=&#8221;seta&#8221; _builder_version=&#8221;4.17.4&#8243; _module_preset=&#8221;default&#8221; custom_margin=&#8221;98px||||false|false&#8221; global_colors_info=&#8221;{}&#8221;][\/et_pb_image][et_pb_text _builder_version=&#8221;4.17.6&#8243; _module_preset=&#8221;default&#8221; text_font=&#8221;|||||on|||&#8221; global_colors_info=&#8221;{}&#8221;]<\/p>\n<p style=\"text-align: center;\"><em>Abstracto Retazos<\/em><\/p>\n<p style=\"text-align: center;\">Pintura sobre seda<\/p>\n<p>[\/et_pb_text][\/et_pb_column][et_pb_column type=&#8221;1_3&#8243; _builder_version=&#8221;4.17.4&#8243; _module_preset=&#8221;default&#8221; global_colors_info=&#8221;{}&#8221;][et_pb_image src=&#8221;https:\/\/gigliaacquavivaartgallery.com\/wp-content\/uploads\/2022\/07\/tropical.rec_..jpg&#8221; title_text=&#8221;tropical.rec.&#8221; _builder_version=&#8221;4.17.4&#8243; _module_preset=&#8221;default&#8221; custom_margin=&#8221;51px|0px||0px|false|false&#8221; global_colors_info=&#8221;{}&#8221;][\/et_pb_image][et_pb_text _builder_version=&#8221;4.17.6&#8243; _module_preset=&#8221;default&#8221; text_font=&#8221;|||||on|||&#8221; global_colors_info=&#8221;{}&#8221;]<\/p>\n<p style=\"text-align: center;\"><em>\u00a0Ya vuelvo<\/em><\/p>\n<p style=\"text-align: center;\">Pintura sobre seda<\/p>\n<p>[\/et_pb_text][\/et_pb_column][\/et_pb_row][et_pb_row _builder_version=&#8221;4.17.4&#8243; _module_preset=&#8221;default&#8221; global_colors_info=&#8221;{}&#8221;][et_pb_column type=&#8221;4_4&#8243; _builder_version=&#8221;4.17.4&#8243; _module_preset=&#8221;default&#8221; global_colors_info=&#8221;{}&#8221;][et_pb_text module_id=&#8221;periodo-actual-relieve&#8221; _builder_version=&#8221;4.17.4&#8243; _module_preset=&#8221;default&#8221; text_text_color=&#8221;#908885&#8243; global_colors_info=&#8221;{}&#8221;]<\/p>\n<h3 style=\"text-align: center;\">PERIODO ACTUAL<\/h3>\n<h3 style=\"text-align: center;\">PINTURAS EN RELIEVE &#8211; ACRILICO CON ARENA<\/h3>\n<p>[\/et_pb_text][\/et_pb_column][\/et_pb_row][et_pb_row column_structure=&#8221;1_2,1_2&#8243; module_id=&#8221;periodo-actual&#8221; _builder_version=&#8221;4.17.4&#8243; _module_preset=&#8221;default&#8221; background_color=&#8221;#E6E6E6&#8243; global_colors_info=&#8221;{}&#8221;][et_pb_column type=&#8221;1_2&#8243; _builder_version=&#8221;4.17.4&#8243; _module_preset=&#8221;default&#8221; global_colors_info=&#8221;{}&#8221;][et_pb_image src=&#8221;https:\/\/gigliaacquavivaartgallery.com\/wp-content\/uploads\/2022\/07\/preparazione-scaled.jpg&#8221; title_text=&#8221;preparazione&#8221; _builder_version=&#8221;4.17.4&#8243; _module_preset=&#8221;default&#8221; global_colors_info=&#8221;{}&#8221;][\/et_pb_image][et_pb_text _builder_version=&#8221;4.17.4&#8243; _module_preset=&#8221;default&#8221; global_colors_info=&#8221;{}&#8221;]<\/p>\n<p style=\"text-align: center;\">\n<p style=\"text-align: center;\">Preparaci\u00f3n de la tela.<\/p>\n<p>[\/et_pb_text][\/et_pb_column][et_pb_column type=&#8221;1_2&#8243; _builder_version=&#8221;4.17.4&#8243; _module_preset=&#8221;default&#8221; global_colors_info=&#8221;{}&#8221;][et_pb_image src=&#8221;https:\/\/gigliaacquavivaartgallery.com\/wp-content\/uploads\/2022\/07\/disegnando-scaled.jpg&#8221; title_text=&#8221;disegnando&#8221; _builder_version=&#8221;4.17.4&#8243; _module_preset=&#8221;default&#8221; global_colors_info=&#8221;{}&#8221;][\/et_pb_image][et_pb_text _builder_version=&#8221;4.17.4&#8243; _module_preset=&#8221;default&#8221; global_colors_info=&#8221;{}&#8221;]<\/p>\n<p style=\"text-align: center;\">\n<p style=\"text-align: center;\">Dibujo mat\u00e9rico de acr\u00edlico con arena.<\/p>\n<p>[\/et_pb_text][\/et_pb_column][\/et_pb_row][et_pb_row column_structure=&#8221;1_2,1_2&#8243; _builder_version=&#8221;4.17.4&#8243; _module_preset=&#8221;default&#8221; global_colors_info=&#8221;{}&#8221;][et_pb_column type=&#8221;1_2&#8243; _builder_version=&#8221;4.17.4&#8243; _module_preset=&#8221;default&#8221; global_colors_info=&#8221;{}&#8221;][et_pb_image src=&#8221;https:\/\/gigliaacquavivaartgallery.com\/wp-content\/uploads\/2022\/07\/colore-scaled.jpg&#8221; title_text=&#8221;colore&#8221; _builder_version=&#8221;4.17.4&#8243; _module_preset=&#8221;default&#8221; global_colors_info=&#8221;{}&#8221;][\/et_pb_image][et_pb_text _builder_version=&#8221;4.17.4&#8243; _module_preset=&#8221;default&#8221; global_colors_info=&#8221;{}&#8221;]<\/p>\n<p style=\"text-align: center;\">\n<p style=\"text-align: center;\">Color<\/p>\n<p>[\/et_pb_text][\/et_pb_column][et_pb_column type=&#8221;1_2&#8243; _builder_version=&#8221;4.17.4&#8243; _module_preset=&#8221;default&#8221; global_colors_info=&#8221;{}&#8221;][et_pb_image src=&#8221;https:\/\/gigliaacquavivaartgallery.com\/wp-content\/uploads\/2022\/07\/Barca-a-Vela-1-scaled.jpg&#8221; title_text=&#8221;Barca a Vela&#8221; _builder_version=&#8221;4.17.4&#8243; _module_preset=&#8221;default&#8221; global_colors_info=&#8221;{}&#8221;][\/et_pb_image][et_pb_text _builder_version=&#8221;4.17.6&#8243; _module_preset=&#8221;default&#8221; global_colors_info=&#8221;{}&#8221;]<\/p>\n<p style=\"text-align: center;\">Trabajo terminado,\u00a0<em>Barcas a Vela.<\/em><\/p>\n<p>[\/et_pb_text][\/et_pb_column][\/et_pb_row][\/et_pb_section]<\/p>\n","protected":false},"excerpt":{"rendered":"<p>Biografia Giglia Acquaviva Giglia naci\u00f3 poco antes de la primavera de 1961 en una familia donde no faltaba el arte: la m\u00fasica, la pintura y el teatro. Ello suced\u00eda en Mendoza, Argentina.Las mejores horas de juego transcurrieron sobre las teclas de un piano desde que tenia 5 a\u00f1os de edad, y aunque ella no sab\u00eda [&hellip;]<\/p>\n","protected":false},"author":2,"featured_media":0,"parent":0,"menu_order":0,"comment_status":"closed","ping_status":"closed","template":"","meta":{"_acf_changed":false,"_et_pb_use_builder":"on","_et_pb_old_content":"<!-- wp:divi\/placeholder \/-->","_et_gb_content_width":"","footnotes":""},"class_list":["post-125","page","type-page","status-publish","hentry"],"acf":[],"_links":{"self":[{"href":"https:\/\/gigliaacquavivaartgallery.com\/de\/wp-json\/wp\/v2\/pages\/125","targetHints":{"allow":["GET"]}}],"collection":[{"href":"https:\/\/gigliaacquavivaartgallery.com\/de\/wp-json\/wp\/v2\/pages"}],"about":[{"href":"https:\/\/gigliaacquavivaartgallery.com\/de\/wp-json\/wp\/v2\/types\/page"}],"author":[{"embeddable":true,"href":"https:\/\/gigliaacquavivaartgallery.com\/de\/wp-json\/wp\/v2\/users\/2"}],"replies":[{"embeddable":true,"href":"https:\/\/gigliaacquavivaartgallery.com\/de\/wp-json\/wp\/v2\/comments?post=125"}],"version-history":[{"count":0,"href":"https:\/\/gigliaacquavivaartgallery.com\/de\/wp-json\/wp\/v2\/pages\/125\/revisions"}],"wp:attachment":[{"href":"https:\/\/gigliaacquavivaartgallery.com\/de\/wp-json\/wp\/v2\/media?parent=125"}],"curies":[{"name":"wp","href":"https:\/\/api.w.org\/{rel}","templated":true}]}}